{"id":3,"date":"2023-09-03T18:21:38","date_gmt":"2023-09-03T16:21:38","guid":{"rendered":"http:\/\/saintjeanceramique.fr\/?page_id=3"},"modified":"2026-03-17T13:13:36","modified_gmt":"2026-03-17T12:13:36","slug":"politique-de-confidentialite","status":"publish","type":"page","link":"https:\/\/saintjeanceramique.fr\/index.php\/politique-de-confidentialite\/","title":{"rendered":"Politique de confidentialit\u00e9"},"content":{"rendered":"\r\n<h2 class=\"wp-block-heading\">Qui sommes-nous\u00a0?<\/h2>\r\n<p>Nous travaillons \u00e0 deux,\u00a0 Chantal Ducasse et Daniel Portalez dans un atelier situ\u00e9 \u00e0 Aucamville dans le Tarn-et-Garonne. Pour en savoir plus sur notre travail, aller sur notre site https:\/\/potsquichantent.fr<\/p>\r\n\r\n\r\n\r\n<p>L\u2019adresse de notre site de vente est :<strong> http:\/\/saintjeanceramique.fr.<\/strong><\/p>\r\n<h2>Conditions G\u00e9n\u00e9rales de Vente<\/h2>\r\n<p>01 <strong>Objet<\/strong><\/p>\r\n<p>Les pr\u00e9sentes conditions g\u00e9n\u00e9rales de ventes d\u00e9taillent les droits et obligations de Daniel PORTALEZ \u00a0(ci-apr\u00e8s d\u00e9nomm\u00e9 le fournisseur) et de son client. Toute vente accomplie par le fournisseur implique donc l&#8217;adh\u00e9sion sans r\u00e9serve du client aux pr\u00e9sentes conditions g\u00e9n\u00e9rales de vente. Les clauses et conditions g\u00e9n\u00e9rales d\u2019achats de nos clients ne peuvent nous \u00eatre oppos\u00e9es.<\/p>\r\n<p>Si l\u2019une des clauses des pr\u00e9sentes conditions g\u00e9n\u00e9rales se trouvait nulle ou annul\u00e9e, les autres clauses n\u2019en seraient pas pour autant annul\u00e9es. Le fait que le fournisseur ne fasse pas application \u00e0 un moment donn\u00e9 d\u2019une quelconque clause des pr\u00e9sentes conditions g\u00e9n\u00e9rales, ne peut \u00eatre interpr\u00e9t\u00e9 comme valant renonciation \u00e0 se pr\u00e9valoir ult\u00e9rieurement des dites conditions g\u00e9n\u00e9rales de vente.<\/p>\r\n<p>02 <strong>Application<\/strong><\/p>\r\n<p>Ces conditions s\u2019appliquent \u00e0 toute vente aux particuliers sur le site\u00a0<strong>www.saintjeanceramique.fr,<\/strong> dans les pays pour lesquels les r\u00e8gles et co\u00fbts sont d\u00e9finis sur le site, et autre vente par l\u2019entreprise \u00ab\u00a0<strong>c\u00e9ramique mont-saint-jean<\/strong>\u00a0\u00bb aux particuliers, \u00e0 l\u2019atelier, sur un salon, march\u00e9 ou autres moyens.<\/p>\r\n<p>03 <strong>Commande<\/strong><\/p>\r\n<p>Les commandes doivent \u00eatre imp\u00e9rativement remplies sur le site\u00a0<strong>www.saintjeanceramique.fr<\/strong>, ou \u00e9crites et remises soit par courrier ou voie \u00e9lectronique. Pour \u00eatre valide, toute commande doit comporter\u00a0:<\/p>\r\n<p>\u200b<\/p>\r\n<ul>\r\n<li>Le nom complet du client, et l\u2019adresse pr\u00e9cise de livraison pour le transporteur.<\/li>\r\n<li>Un t\u00e9l\u00e9phone mobile et un email pour le suivi de la commande<\/li>\r\n<li>Le paiement en totalit\u00e9 de la marchandise et du port aux conditions fix\u00e9s.<\/li>\r\n<\/ul>\r\n<p>&nbsp;<\/p>\r\n<p>La confirmation de commande telle que d\u00e9crite ci-dessus vaut l\u2019acceptation sans r\u00e9serve des pr\u00e9sentes conditions g\u00e9n\u00e9rales de vente par le client.<\/p>\r\n<p>04 <strong>D\u00e9lai d\u2019exp\u00e9dition<\/strong><\/p>\r\n<p>Le d\u00e9lai de mise \u00e0 disposition indiqu\u00e9 lors de l&#8217;enregistrement de la commande n&#8217;est donn\u00e9 qu&#8217;\u00e0 titre indicatif. A titre informatif, le d\u00e9lai de traitement pour des pi\u00e8ces en stock est de 4 jours, auquel il faut ajouter le d\u00e9lai de transport d\u00e9pendant de la destination.<\/p>\r\n<p>Pour les produits hors stock, les d\u00e9lais usuels sont de 10 \u00e0 20 semaines, suivant la quantit\u00e9.<\/p>\r\n<p>Un retard d\u2019exp\u00e9dition ne peut \u00eatre consid\u00e9r\u00e9 comme un motif de rupture du contrat de vente ni donner lieu \u00e0 paiement de dommages et int\u00e9r\u00eats, p\u00e9nalit\u00e9s de retard ou annulation de commande. Le fournisseur se r\u00e9serve le droit de proc\u00e9der \u00e0 des exp\u00e9ditions fractionn\u00e9es.<\/p>\r\n<p>05 <strong>Exp\u00e9dition<\/strong><\/p>\r\n<p>L\u2019exp\u00e9dition est effectu\u00e9e :<\/p>\r\n<ul>\r\n<li>\u200bsoit par l&#8217;envoi d&#8217;un avis de mise \u00e0 disposition \u00e0 l\u2019atelier \u00e0 l&#8217;attention du client,<\/li>\r\n<li>soit au lieu indiqu\u00e9 par le client sur le bon de commande ou le devis.<\/li>\r\n<\/ul>\r\n<p>06 <strong>Transport\u00a0et r\u00e9ception<\/strong><\/p>\r\n<p>Les frais de transport et d\u2019assurance sont \u00e0 la charge du client, et inclus dans le montant total calcul\u00e9 sur le site ou \u00e0 partir du bon de commande.<\/p>\r\n<p>\u200bLes marchandises sont exp\u00e9di\u00e9es en carton double cannelure.<\/p>\r\n<p>\u200bLe client doit v\u00e9rifier les exp\u00e9ditions \u00e0 l&#8217;arriv\u00e9e. En cas de marchandises manquantes ou d\u00e9t\u00e9rior\u00e9es lors du transport, le client devra envoyer un\u00a0<strong>mail dans les 2 jours ouvr\u00e9s<\/strong>\u00a0de la r\u00e9ception desdites marchandises. Ce mail doit d\u00e9crire le probl\u00e8me, et\u00a0<strong>photos des pi\u00e8ces ab\u00eem\u00e9es et de tous les emballages<\/strong>\u00a0(m\u00eame intact, avec l\u2019\u00e9tiquette de transport, code-barre lisible).<\/p>\r\n<p>\u200bTout (pi\u00e8ces ab\u00eem\u00e9es et emballages) devra \u00eatre conserv\u00e9 comme justification pour assurance, jusqu\u2019\u00e0 r\u00e9solution du litige.<\/p>\r\n<p>07 <strong>Non-conformit\u00e9<\/strong><\/p>\r\n<p>Les nuances possibles de coloris, de poids ou de dimensions, ne constituent pas une non-conformit\u00e9 et sont le signe d\u2019une fabrication artisanale.<\/p>\r\n<p>08 <strong>Retour de marchandises<\/strong><\/p>\r\n<p>Le retour \u00a0\u00a0marchandises, en cas de dommage durant le transport, non-conformit\u00e9 ou de vices apparents, ne pourra se faire qu\u2019avec l\u2019accord \u00e9crit du fournisseur et en aucun cas au-del\u00e0 d\u2019un d\u00e9lai de 10 jours apr\u00e8s r\u00e9ception desdites marchandises. Aucune reprise de pi\u00e8ces fabriqu\u00e9es sur-mesure ne pourra \u00eatre accept\u00e9e.<\/p>\r\n<p>En cas de retour, la reprise des marchandises par le fournisseur ne sera accept\u00e9e qu\u2019\u00e0 la condition que les vices apparents ou la non-conformit\u00e9 soient \u00e9tablis. Le retour entra\u00eenera alors un \u00e9change standard au profit du client. Les frais de retour et de re-livraison seront alors \u00e0 la charge du fournisseur.<\/p>\r\n<p>\u200bTout retour de marchandises non accept\u00e9 au pr\u00e9alable ou retour pour lequel les vices apparents ou la non-conformit\u00e9 ne sont pas \u00e9tablis, sera tenu \u00e0 la disposition du client et ne donnera lieu ni \u00e0 un \u00e9change standard, ni \u00e0 l\u2019\u00e9tablissement d\u2019un avoir. Les frais de retour seront alors \u00e0 la charge du client.<\/p>\r\n<p>09 <strong>Prix<\/strong><\/p>\r\n<p>Les prix des marchandises vendues sont ceux en vigueur au jour de la prise de commande. Ils s\u2019entendent d\u00e9part atelier, en euros et TTC. Le fournisseur s&#8217;accorde le droit de modifier ses tarifs \u00e0 tout moment. Toutefois, le fournisseur s&#8217;engage \u00e0 facturer les marchandises command\u00e9es aux prix indiqu\u00e9s lors de l&#8217;enregistrement de la commande.<\/p>\r\n<p>10 <strong>Modalit\u00e9s de paiement<\/strong><\/p>\r\n<p>Le r\u00e8glement des commandes s\u2019effectue comptant par Carte Bancaire sur le site et pour les autres commandes par virement bancaire.<\/p>\r\n<p>11 <strong>Propri\u00e9t\u00e9 intellectuelle<\/strong><\/p>\r\n<p>Le nom Mont-Saint-Jean ainsi que toutes les illustrations, images, logotypes sont la propri\u00e9t\u00e9 exclusive du fournisseur. Toute reproduction partielle ou totale, modification ou utilisation du nom, illustrations, images et logotypes pour quelque motif ou quelque support que ce soit, sans accord express, \u00e9crit et pr\u00e9alable du fournisseur est strictement interdite.<\/p>\r\n<p>12 <strong>Force majeure<\/strong><\/p>\r\n<p>La responsabilit\u00e9 des parties sera enti\u00e8rement d\u00e9gag\u00e9e si l&#8217;inex\u00e9cution par l&#8217;une ou l&#8217;autre d&#8217;une partie ou de la totalit\u00e9 des obligations mises \u00e0 sa charge r\u00e9sulte d&#8217;un cas de Force Majeure.<\/p>\r\n<p>Dans un premier temps, les cas de Force Majeure suspendent l&#8217;ex\u00e9cution du contrat et les parties se r\u00e9unissent afin de d\u00e9terminer les modalit\u00e9s de poursuite de leurs relations. Si les cas de Force Majeure ont une dur\u00e9e d&#8217;existence sup\u00e9rieure \u00e0 un (1) mois, le contrat sera r\u00e9sili\u00e9 automatiquement, sauf accord contraire entre les parties.<\/p>\r\n<p>De fa\u00e7on expresse sont consid\u00e9r\u00e9s comme cas de Force Majeure ou de cas fortuits, outre ceux habituellement retenus par la jurisprudence des Cours et Tribunaux fran\u00e7ais : blocage, perturbation ou encombrement des r\u00e9seaux de t\u00e9l\u00e9communication, la mauvaise qualit\u00e9 du courant \u00e9lectrique, le blocage des moyens de transport ou d\u2019approvisionnement pour quelque raison que ce soit, les intemp\u00e9ries, les \u00e9pid\u00e9mies, les tremblements de terre, les incendies, les temp\u00eates, les inondations, les d\u00e9g\u00e2ts des eaux, les restrictions gouvernementales ou l\u00e9gales, ainsi que les modifications l\u00e9gales ou r\u00e9glementaires des formes de commercialisation.<\/p>\r\n<p>13 <strong>Tribunal comp\u00e9tent<\/strong><\/p>\r\n<p>Tout litige relatif \u00e0 l&#8217;interpr\u00e9tation et \u00e0 l&#8217;ex\u00e9cution des pr\u00e9sentes conditions g\u00e9n\u00e9rales de vente est soumis au droit fran\u00e7ais. A d\u00e9faut de r\u00e9solution amiable, le litige sera port\u00e9 devant le Tribunal de Commerce de Montauban (France).<\/p>\r\n<p>Le client reconna\u00eet avoir pris connaissance des pr\u00e9sentes conditions g\u00e9n\u00e9rales de vente et les accepte sans r\u00e9serve.<\/p>\r\n<h2>Transport et Livraison<\/h2>\r\n<p>Les frais de transports sont\u00a0<strong>offerts \u00e0 partir de 100\u20ac d&#8217;achat\u00a0<\/strong>en France M\u00e9tropolitaine, plus pour autre pays, et sinon<strong>\u00a0factur\u00e9 suivant le poids et le pays<\/strong>. Les pi\u00e8ces sont emball\u00e9es dans du papier bulle et plac\u00e9es dans une boite en carton double ou triple cannelures. Le transporteur peut livrer en point relais ou au domicile.<br \/><br \/>Le client doit v\u00e9rifier les exp\u00e9ditions \u00e0 l&#8217;arriv\u00e9e. En cas de\u00a0<strong>marchandise manquante ou d\u00e9t\u00e9rior\u00e9e, le client devra envoyer un mail dans les 2 jours ouvr\u00e9s<\/strong>\u00a0de la r\u00e9ception, avec photos des pi\u00e8ces ab\u00eem\u00e9es et de tous les emballages, qui devront \u00eatre\u00a0<strong>conserv\u00e9s jusqu&#8217;\u00e0 r\u00e9solution<\/strong>.<\/p>\r\n<p>Le retour des marchandises, en cas de\u00a0<strong>non-conformit\u00e9 ou de vices apparents, signal\u00e9 avant 10 jours<\/strong>\u00a0apr\u00e8s r\u00e9ception ne pourra se faire qu\u2019avec l\u2019<strong>accord \u00e9crit<\/strong>\u00a0du fournisseur. Aucune reprise de pi\u00e8ces fabriqu\u00e9es sur-mesure ne pourra \u00eatre accept\u00e9e.<\/p>\r\n\r\n\r\n\r\n<h2 class=\"wp-block-heading\">Commentaires<\/h2>\r\n\r\n\r\n\r\n<p>Quand vous laissez un commentaire sur notre site, les donn\u00e9es inscrites dans le formulaire de commentaire, ainsi que votre adresse IP et l\u2019agent utilisateur de votre navigateur sont collect\u00e9s pour nous aider \u00e0 la d\u00e9tection des commentaires ind\u00e9sirables.<\/p>\r\n\r\n\r\n\r\n<p>Une cha\u00eene anonymis\u00e9e cr\u00e9\u00e9e \u00e0 partir de votre adresse e-mail (\u00e9galement appel\u00e9e hash) peut \u00eatre envoy\u00e9e au service Gravatar pour v\u00e9rifier si vous utilisez ce dernier. Les clauses de confidentialit\u00e9 du service Gravatar sont disponibles ici\u00a0: https:\/\/automattic.com\/privacy\/. Apr\u00e8s validation de votre commentaire, votre photo de profil sera visible publiquement \u00e0 cot\u00e9 de votre commentaire.<\/p>\r\n\r\n\r\n\r\n<h2 class=\"wp-block-heading\">M\u00e9dias<\/h2>\r\n\r\n\r\n\r\n<p><strong class=\"privacy-policy-tutorial\">\u00a0<\/strong>Si vous t\u00e9l\u00e9versez des images sur le site, nous vous conseillons d\u2019\u00e9viter de t\u00e9l\u00e9verser des images contenant des donn\u00e9es EXIF de coordonn\u00e9es GPS. Les personnes visitant votre site peuvent t\u00e9l\u00e9charger et extraire des donn\u00e9es de localisation depuis ces images.<\/p>\r\n\r\n\r\n\r\n<h2 class=\"wp-block-heading\">Cookies<\/h2>\r\n\r\n\r\n\r\n<p><strong class=\"privacy-policy-tutorial\">\u00a0<\/strong>Si vous d\u00e9posez un commentaire sur notre site, il vous sera propos\u00e9 d\u2019enregistrer votre nom, adresse e-mail et site dans des cookies. C\u2019est uniquement pour votre confort afin de ne pas avoir \u00e0 saisir ces informations si vous d\u00e9posez un autre commentaire plus tard. Ces cookies expirent au bout d\u2019un an.<\/p>\r\n\r\n\r\n\r\n<p>Si vous vous rendez sur la page de connexion, un cookie temporaire sera cr\u00e9\u00e9 afin de d\u00e9terminer si votre navigateur accepte les cookies. Il ne contient pas de donn\u00e9es personnelles et sera supprim\u00e9 automatiquement \u00e0 la fermeture de votre navigateur.<\/p>\r\n\r\n\r\n\r\n<p>Lorsque vous vous connecterez, nous mettrons en place un certain nombre de cookies pour enregistrer vos informations de connexion et vos pr\u00e9f\u00e9rences d\u2019\u00e9cran. La dur\u00e9e de vie d\u2019un cookie de connexion est de deux jours, celle d\u2019un cookie d\u2019option d\u2019\u00e9cran est d\u2019un an. Si vous cochez \u00ab\u00a0Se souvenir de moi\u00a0\u00bb, votre cookie de connexion sera conserv\u00e9 pendant deux semaines. Si vous vous d\u00e9connectez de votre compte, le cookie de connexion sera effac\u00e9.<\/p>\r\n\r\n\r\n\r\n<p>En modifiant ou en publiant une publication, un cookie suppl\u00e9mentaire sera enregistr\u00e9 dans votre navigateur. Ce cookie ne comprend aucune donn\u00e9e personnelle. Il indique simplement l\u2019ID de la publication que vous venez de modifier. Il expire au bout d\u2019un jour.<\/p>\r\n\r\n\r\n\r\n<h2 class=\"wp-block-heading\">Contenu embarqu\u00e9 depuis d\u2019autres sites<\/h2>\r\n\r\n\r\n\r\n<p>Les articles de ce site peuvent inclure des contenus int\u00e9gr\u00e9s (par exemple des vid\u00e9os, images, articles\u2026). Le contenu int\u00e9gr\u00e9 depuis d\u2019autres sites se comporte de la m\u00eame mani\u00e8re que si le visiteur se rendait sur cet autre site.<\/p>\r\n\r\n\r\n\r\n<p>Ces sites web pourraient collecter des donn\u00e9es sur vous, utiliser des cookies, embarquer des outils de suivis tiers, suivre vos interactions avec ces contenus embarqu\u00e9s si vous disposez d\u2019un compte connect\u00e9 sur leur site web.<\/p>\r\n\r\n\r\n\r\n<h2 class=\"wp-block-heading\">Utilisation et transmission de vos donn\u00e9es personnelles<\/h2>\r\n\r\n\r\n\r\n<p><strong class=\"privacy-policy-tutorial\">\u00a0<\/strong>Si vous demandez une r\u00e9initialisation de votre mot de passe, votre adresse IP sera incluse dans l\u2019e-mail de r\u00e9initialisation.<\/p>\r\n\r\n\r\n\r\n<h2 class=\"wp-block-heading\">Dur\u00e9es de stockage de vos donn\u00e9es<\/h2>\r\n\r\n\r\n\r\n<p>Si vous laissez un commentaire, le commentaire et ses m\u00e9tadonn\u00e9es sont conserv\u00e9s ind\u00e9finiment. Cela permet de reconna\u00eetre et approuver automatiquement les commentaires suivants au lieu de les laisser dans la file de mod\u00e9ration.<\/p>\r\n\r\n\r\n\r\n<p>Pour les comptes qui s\u2019inscrivent sur notre site (le cas \u00e9ch\u00e9ant), nous stockons \u00e9galement les donn\u00e9es personnelles indiqu\u00e9es dans leur profil. Tous les comptes peuvent voir, modifier ou supprimer leurs informations personnelles \u00e0 tout moment (\u00e0 l\u2019exception de leur identifiant). Les gestionnaires du site peuvent aussi voir et modifier ces informations.<\/p>\r\n\r\n\r\n\r\n<h2 class=\"wp-block-heading\">Les droits que vous avez sur vos donn\u00e9es<\/h2>\r\n\r\n\r\n\r\n<p>Si vous avez un compte ou si vous avez laiss\u00e9 des commentaires sur le site, vous pouvez demander \u00e0 recevoir un fichier contenant toutes les donn\u00e9es personnelles que nous poss\u00e9dons \u00e0 votre sujet, incluant celles que vous nous avez fournies. Vous pouvez \u00e9galement demander la suppression des donn\u00e9es personnelles vous concernant. Cela ne prend pas en compte les donn\u00e9es stock\u00e9es \u00e0 des fins administratives, l\u00e9gales ou pour des raisons de s\u00e9curit\u00e9.<\/p>\r\n\r\n\r\n\r\n<h2 class=\"wp-block-heading\">Transmission de vos donn\u00e9es personnelles<\/h2>\r\n\r\n\r\n\r\n<p>Les commentaires des visiteurs peuvent \u00eatre v\u00e9rifi\u00e9s \u00e0 l\u2019aide d\u2019un service automatis\u00e9 de d\u00e9tection des commentaires ind\u00e9sirables.<\/p>\r\n","protected":false},"excerpt":{"rendered":"<p>Qui sommes-nous\u00a0? Nous travaillons \u00e0 deux,\u00a0 Chantal Ducasse et Daniel Portalez dans un atelier situ\u00e9 \u00e0 Aucamville dans le Tarn-et-Garonne. Pour en [&hellip;]<\/p>\n","protected":false},"author":1,"featured_media":0,"parent":0,"menu_order":0,"comment_status":"closed","ping_status":"open","template":"","meta":{"footnotes":""},"class_list":["post-3","page","type-page","status-publish","hentry"],"yoast_head":"<!-- This site is optimized with the Yoast SEO plugin v27.5 - https:\/\/yoast.com\/product\/yoast-seo-wordpress\/ -->\n<title>Politique de confidentialit\u00e9 - Saint-Jean C\u00e9ramique<\/title>\n<meta name=\"robots\" content=\"index, follow, max-snippet:-1, max-image-preview:large, max-video-preview:-1\" \/>\n<link rel=\"canonical\" href=\"https:\/\/saintjeanceramique.fr\/index.php\/politique-de-confidentialite\/\" \/>\n<meta property=\"og:locale\" content=\"en_US\" \/>\n<meta property=\"og:type\" content=\"article\" \/>\n<meta property=\"og:title\" content=\"Politique de confidentialit\u00e9 - Saint-Jean C\u00e9ramique\" \/>\n<meta property=\"og:description\" content=\"Qui sommes-nous\u00a0? Nous travaillons \u00e0 deux,\u00a0 Chantal Ducasse et Daniel Portalez dans un atelier situ\u00e9 \u00e0 Aucamville dans le Tarn-et-Garonne. Pour en [&hellip;]\" \/>\n<meta property=\"og:url\" content=\"https:\/\/saintjeanceramique.fr\/index.php\/politique-de-confidentialite\/\" \/>\n<meta property=\"og:site_name\" content=\"Saint-Jean C\u00e9ramique\" \/>\n<meta property=\"article:modified_time\" content=\"2026-03-17T12:13:36+00:00\" \/>\n<meta name=\"twitter:card\" content=\"summary_large_image\" \/>\n<meta name=\"twitter:label1\" content=\"Est. reading time\" \/>\n\t<meta name=\"twitter:data1\" content=\"9 minutes\" \/>\n<script type=\"application\/ld+json\" class=\"yoast-schema-graph\">{\"@context\":\"https:\\\/\\\/schema.org\",\"@graph\":[{\"@type\":\"WebPage\",\"@id\":\"https:\\\/\\\/saintjeanceramique.fr\\\/index.php\\\/politique-de-confidentialite\\\/\",\"url\":\"https:\\\/\\\/saintjeanceramique.fr\\\/index.php\\\/politique-de-confidentialite\\\/\",\"name\":\"Politique de confidentialit\u00e9 - Saint-Jean C\u00e9ramique\",\"isPartOf\":{\"@id\":\"https:\\\/\\\/saintjeanceramique.fr\\\/#website\"},\"datePublished\":\"2023-09-03T16:21:38+00:00\",\"dateModified\":\"2026-03-17T12:13:36+00:00\",\"breadcrumb\":{\"@id\":\"https:\\\/\\\/saintjeanceramique.fr\\\/index.php\\\/politique-de-confidentialite\\\/#breadcrumb\"},\"inLanguage\":\"en-US\",\"potentialAction\":[{\"@type\":\"ReadAction\",\"target\":[\"https:\\\/\\\/saintjeanceramique.fr\\\/index.php\\\/politique-de-confidentialite\\\/\"]}]},{\"@type\":\"BreadcrumbList\",\"@id\":\"https:\\\/\\\/saintjeanceramique.fr\\\/index.php\\\/politique-de-confidentialite\\\/#breadcrumb\",\"itemListElement\":[{\"@type\":\"ListItem\",\"position\":1,\"name\":\"Accueil\",\"item\":\"https:\\\/\\\/saintjeanceramique.fr\\\/\"},{\"@type\":\"ListItem\",\"position\":2,\"name\":\"Politique de confidentialit\u00e9\"}]},{\"@type\":\"WebSite\",\"@id\":\"https:\\\/\\\/saintjeanceramique.fr\\\/#website\",\"url\":\"https:\\\/\\\/saintjeanceramique.fr\\\/\",\"name\":\"Saint-Jean C\u00e9ramique\",\"description\":\"Donner corps \u00e0 la p\u00e2te et la rev\u00eatir avec go\u00fbt  \",\"potentialAction\":[{\"@type\":\"SearchAction\",\"target\":{\"@type\":\"EntryPoint\",\"urlTemplate\":\"https:\\\/\\\/saintjeanceramique.fr\\\/?s={search_term_string}\"},\"query-input\":{\"@type\":\"PropertyValueSpecification\",\"valueRequired\":true,\"valueName\":\"search_term_string\"}}],\"inLanguage\":\"en-US\"}]}<\/script>\n<!-- \/ Yoast SEO plugin. -->","yoast_head_json":{"title":"Politique de confidentialit\u00e9 - Saint-Jean C\u00e9ramique","robots":{"index":"index","follow":"follow","max-snippet":"max-snippet:-1","max-image-preview":"max-image-preview:large","max-video-preview":"max-video-preview:-1"},"canonical":"https:\/\/saintjeanceramique.fr\/index.php\/politique-de-confidentialite\/","og_locale":"en_US","og_type":"article","og_title":"Politique de confidentialit\u00e9 - Saint-Jean C\u00e9ramique","og_description":"Qui sommes-nous\u00a0? Nous travaillons \u00e0 deux,\u00a0 Chantal Ducasse et Daniel Portalez dans un atelier situ\u00e9 \u00e0 Aucamville dans le Tarn-et-Garonne. Pour en [&hellip;]","og_url":"https:\/\/saintjeanceramique.fr\/index.php\/politique-de-confidentialite\/","og_site_name":"Saint-Jean C\u00e9ramique","article_modified_time":"2026-03-17T12:13:36+00:00","twitter_card":"summary_large_image","twitter_misc":{"Est. reading time":"9 minutes"},"schema":{"@context":"https:\/\/schema.org","@graph":[{"@type":"WebPage","@id":"https:\/\/saintjeanceramique.fr\/index.php\/politique-de-confidentialite\/","url":"https:\/\/saintjeanceramique.fr\/index.php\/politique-de-confidentialite\/","name":"Politique de confidentialit\u00e9 - Saint-Jean C\u00e9ramique","isPartOf":{"@id":"https:\/\/saintjeanceramique.fr\/#website"},"datePublished":"2023-09-03T16:21:38+00:00","dateModified":"2026-03-17T12:13:36+00:00","breadcrumb":{"@id":"https:\/\/saintjeanceramique.fr\/index.php\/politique-de-confidentialite\/#breadcrumb"},"inLanguage":"en-US","potentialAction":[{"@type":"ReadAction","target":["https:\/\/saintjeanceramique.fr\/index.php\/politique-de-confidentialite\/"]}]},{"@type":"BreadcrumbList","@id":"https:\/\/saintjeanceramique.fr\/index.php\/politique-de-confidentialite\/#breadcrumb","itemListElement":[{"@type":"ListItem","position":1,"name":"Accueil","item":"https:\/\/saintjeanceramique.fr\/"},{"@type":"ListItem","position":2,"name":"Politique de confidentialit\u00e9"}]},{"@type":"WebSite","@id":"https:\/\/saintjeanceramique.fr\/#website","url":"https:\/\/saintjeanceramique.fr\/","name":"Saint-Jean C\u00e9ramique","description":"Donner corps \u00e0 la p\u00e2te et la rev\u00eatir avec go\u00fbt  ","potentialAction":[{"@type":"SearchAction","target":{"@type":"EntryPoint","urlTemplate":"https:\/\/saintjeanceramique.fr\/?s={search_term_string}"},"query-input":{"@type":"PropertyValueSpecification","valueRequired":true,"valueName":"search_term_string"}}],"inLanguage":"en-US"}]}},"_links":{"self":[{"href":"https:\/\/saintjeanceramique.fr\/index.php\/wp-json\/wp\/v2\/pages\/3","targetHints":{"allow":["GET"]}}],"collection":[{"href":"https:\/\/saintjeanceramique.fr\/index.php\/wp-json\/wp\/v2\/pages"}],"about":[{"href":"https:\/\/saintjeanceramique.fr\/index.php\/wp-json\/wp\/v2\/types\/page"}],"author":[{"embeddable":true,"href":"https:\/\/saintjeanceramique.fr\/index.php\/wp-json\/wp\/v2\/users\/1"}],"replies":[{"embeddable":true,"href":"https:\/\/saintjeanceramique.fr\/index.php\/wp-json\/wp\/v2\/comments?post=3"}],"version-history":[{"count":4,"href":"https:\/\/saintjeanceramique.fr\/index.php\/wp-json\/wp\/v2\/pages\/3\/revisions"}],"predecessor-version":[{"id":300,"href":"https:\/\/saintjeanceramique.fr\/index.php\/wp-json\/wp\/v2\/pages\/3\/revisions\/300"}],"wp:attachment":[{"href":"https:\/\/saintjeanceramique.fr\/index.php\/wp-json\/wp\/v2\/media?parent=3"}],"curies":[{"name":"wp","href":"https:\/\/api.w.org\/{rel}","templated":true}]}}